{"id":309,"date":"2012-10-11T22:06:19","date_gmt":"2012-10-11T20:06:19","guid":{"rendered":"http:\/\/www.amicidellamusicafumane.it\/?page_id=309"},"modified":"2012-10-13T13:55:10","modified_gmt":"2012-10-13T11:55:10","slug":"olen-cantar-1970","status":"publish","type":"page","link":"https:\/\/www.amicidellamusicafumane.it\/?page_id=309","title":{"rendered":"Olen Cantar &#8230;"},"content":{"rendered":"<h4>Vogliamo Cantare &#8230;..<\/h4>\n<p style=\"text-align: justify;\"><a href=\"http:\/\/www.amicidellamusicafumane.it\/immagini\/2012\/10\/lettera01.jpg\" data-lbwps-width=\"503\" data-lbwps-height=\"548\" data-lbwps-srcsmall=\"https:\/\/www.amicidellamusicafumane.it\/immagini\/2012\/10\/lettera01.jpg\"><img loading=\"lazy\" decoding=\"async\" class=\" wp-image-312 alignleft\" title=\"lettera01\" src=\"http:\/\/www.amicidellamusicafumane.it\/immagini\/2012\/10\/lettera01-275x300.jpg\" alt=\"\" width=\"248\" height=\"270\" srcset=\"https:\/\/www.amicidellamusicafumane.it\/immagini\/2012\/10\/lettera01-275x300.jpg 275w, https:\/\/www.amicidellamusicafumane.it\/immagini\/2012\/10\/lettera01.jpg 503w\" sizes=\"auto, (max-width: 248px) 100vw, 248px\" \/><\/a>Una sera dell&#8217;ottobre 1970, su iniziativa dell&#8217;amministrazione comunale, furono invitate nella sala consigliare diverse persone allo scopo di costituire la Societ\u00e0 degli &#8220;Amici della Musica&#8221; di Fumane. Una trentina aderirono all&#8217;invito e il sindaco Brugnoli illustr\u00f2 gli scopi della nuova societ\u00e0: diffondere attraverso manifestazioni concertistiche, conferenze, audizioni registrate, l&#8217;amore e la cultura musicale.<\/p>\n<p style=\"text-align: justify;\">Ad un certo punto s&#8217;alz\u00f2 una voce: &#8220;Olen cantar&#8221;. Fu risposto che lo scopo della nascente societ\u00e0 era quello di ascoltare. Ma altre voci (sia pur sommesse) si unirono alla prima e si fecero pi\u00f9 pressanti alla fine della riunione e nei giorni successivi.<\/p>\n<p>\u00a0In attesa del debutto si organizzavano a Fumane concerti e convegni:<\/p>\n<p>Il coro della Cattedrale<br \/>\nIl coro Stella Alpina<br \/>\nLa conferenze sulle opere areniane.\u00a0\u00a0\u00a0\u00a0\u00a0\u00a0\u00a0 \u2026. si stava preparando il terreno<\/p>\n<p style=\"text-align: justify;\"><a href=\"http:\/\/www.amicidellamusicafumane.it\/immagini\/2012\/10\/i03g-134.jpg\" data-lbwps-width=\"367\" data-lbwps-height=\"600\" data-lbwps-srcsmall=\"https:\/\/www.amicidellamusicafumane.it\/immagini\/2012\/10\/i03g-134.jpg\"><img loading=\"lazy\" decoding=\"async\" class=\"alignleft  wp-image-322\" title=\"i03g-134\" src=\"http:\/\/www.amicidellamusicafumane.it\/immagini\/2012\/10\/i03g-134-183x300.jpg\" alt=\"\" width=\"146\" height=\"240\" srcset=\"https:\/\/www.amicidellamusicafumane.it\/immagini\/2012\/10\/i03g-134-183x300.jpg 183w, https:\/\/www.amicidellamusicafumane.it\/immagini\/2012\/10\/i03g-134.jpg 367w\" sizes=\"auto, (max-width: 146px) 100vw, 146px\" \/><\/a><\/p>\n<p style=\"text-align: justify;\">Tra le tante cose a cui Paolo Banali si dedic\u00f2 per far decollare il nascente coro \u00e8 da ricordare anche la scelta dello stemma che accompagner\u00e0 il coro per tutti i\u00a0trent&#8217;anni. Un particolare della \u201cCantoria\u201d del duomo di Firenze, opera di Luca della Robbia, ora presso il museo del duomo.<\/p>\n<p><a href=\"http:\/\/www.amicidellamusicafumane.it\/immagini\/2012\/10\/stemma.jpg\" data-lbwps-width=\"600\" data-lbwps-height=\"700\" data-lbwps-srcsmall=\"https:\/\/www.amicidellamusicafumane.it\/immagini\/2012\/10\/stemma.jpg\"><img loading=\"lazy\" decoding=\"async\" class=\"alignright  wp-image-327\" title=\"stemma\" src=\"http:\/\/www.amicidellamusicafumane.it\/immagini\/2012\/10\/stemma-257x300.jpg\" alt=\"\" width=\"180\" height=\"210\" srcset=\"https:\/\/www.amicidellamusicafumane.it\/immagini\/2012\/10\/stemma-257x300.jpg 257w, https:\/\/www.amicidellamusicafumane.it\/immagini\/2012\/10\/stemma.jpg 600w\" sizes=\"auto, (max-width: 180px) 100vw, 180px\" \/><\/a><\/p>\n<div>\n<p>&nbsp;<\/p>\n<p>&nbsp;<\/p>\n<p>&nbsp;<\/p>\n<p style=\"text-align: justify;\">Sulle pagine del giornale Arena del primo dicembre 1970 si legge: &lt;&lt;\u2026. A Fumane, in Valpolicella, \u00e8 stata istituita la societ\u00e0 degli \u201cAmici della musica\u201d. Sabato 5 dicembre inaugura la sua attivit\u00e0 con un concerto del coro femminile della Cattedrale di Verona \u2026. &gt;&gt;. Si nota con favore che &lt;&lt;\u2026qualcosa si sta muovendo nella musica veronese\u2026&gt;&gt;. Si lamenta nello scritto che &lt;&lt; \u2026. La discriminazione tra citt\u00e0 e comuni della provincia \u00e8 ancora troppo netta. E\u2019 necessario avviare al pi\u00f9 presto un chiaro discorso di cultura ed educazione musicale anche in provincia. Fumane \u00e8 un segno che non rester\u00e0, \u00e8 nella nostra speranza, senza seguito\u2026&gt;&gt;. L\u2019autore dell\u2019articolo ha chiara la disparit\u00e0 tra citt\u00e0 e provincia, ripone estrema fiducia nel nascente gruppo degli \u201cAmici della Musica\u201d di Fumane, sperando in quello che poi effettivamente accadr\u00e0: il fiorire di gruppi musicali in tutta la provincia.<\/p>\n<p>&nbsp;<\/p>\n<\/div>\n","protected":false},"excerpt":{"rendered":"<p>Vogliamo Cantare &#8230;.. Una sera dell&#8217;ottobre 1970, su iniziativa dell&#8217;amministrazione comunale, furono invitate nella sala consigliare diverse persone allo scopo di costituire la Societ\u00e0 degli &#8220;Amici della Musica&#8221; di Fumane. Una trentina aderirono all&#8217;invito e il sindaco Brugnoli illustr\u00f2 gli scopi della nuova societ\u00e0: diffondere attraverso manifestazioni concertistiche, conferenze, audizioni registrate, l&#8217;amore e la cultura &hellip; <\/p>\n<p><a class=\"more-link btn\" href=\"https:\/\/www.amicidellamusicafumane.it\/?page_id=309\">Continua a leggere<\/a><\/p>\n","protected":false},"author":4,"featured_media":0,"parent":378,"menu_order":70,"comment_status":"open","ping_status":"closed","template":"","meta":{"footnotes":""},"class_list":["post-309","page","type-page","status-publish","hentry","nodate","item-wrap"],"_links":{"self":[{"href":"https:\/\/www.amicidellamusicafumane.it\/index.php?rest_route=\/wp\/v2\/pages\/309","targetHints":{"allow":["GET"]}}],"collection":[{"href":"https:\/\/www.amicidellamusicafumane.it\/index.php?rest_route=\/wp\/v2\/pages"}],"about":[{"href":"https:\/\/www.amicidellamusicafumane.it\/index.php?rest_route=\/wp\/v2\/types\/page"}],"author":[{"embeddable":true,"href":"https:\/\/www.amicidellamusicafumane.it\/index.php?rest_route=\/wp\/v2\/users\/4"}],"replies":[{"embeddable":true,"href":"https:\/\/www.amicidellamusicafumane.it\/index.php?rest_route=%2Fwp%2Fv2%2Fcomments&post=309"}],"version-history":[{"count":17,"href":"https:\/\/www.amicidellamusicafumane.it\/index.php?rest_route=\/wp\/v2\/pages\/309\/revisions"}],"predecessor-version":[{"id":534,"href":"https:\/\/www.amicidellamusicafumane.it\/index.php?rest_route=\/wp\/v2\/pages\/309\/revisions\/534"}],"up":[{"embeddable":true,"href":"https:\/\/www.amicidellamusicafumane.it\/index.php?rest_route=\/wp\/v2\/pages\/378"}],"wp:attachment":[{"href":"https:\/\/www.amicidellamusicafumane.it\/index.php?rest_route=%2Fwp%2Fv2%2Fmedia&parent=309"}],"curies":[{"name":"wp","href":"https:\/\/api.w.org\/{rel}","templated":true}]}}